{"id":1017,"date":"2026-06-20T13:22:44","date_gmt":"2026-06-20T11:22:44","guid":{"rendered":"https:\/\/wichtelabenteuer.de\/?page_id=1017"},"modified":"2026-06-20T17:40:16","modified_gmt":"2026-06-20T15:40:16","slug":"nachrichten-bundeswehr","status":"publish","type":"page","link":"https:\/\/wichtelabenteuer.de\/cs\/nachrichten-bundeswehr\/","title":{"rendered":"Zpr\u00e1vy Bundeswehru"},"content":{"rendered":"<div class=\"wp-block-group is-layout-flex wp-block-group-is-layout-flex\"><div class=\"feedzy-loop-columns-3 bundeswehr wp-custom-css-4dd6f1b3 wp-block-feedzy-rss-feeds-loop has-custom-css\" id=\"bundeswehr\">\n\n<div class=\"wp-block-group has-border-color\" style=\"border-color:#e3edeb;border-width:1px;border-radius:5px;margin-top:var(--wp--preset--spacing--30);margin-bottom:var(--wp--preset--spacing--30)\"><div class=\"wp-block-group__inner-container is-layout-constrained wp-block-group-is-layout-constrained\">\n<div class=\"wp-block-group\" style=\"padding-top:var(--wp--preset--spacing--30);padding-right:var(--wp--preset--spacing--30);padding-bottom:var(--wp--preset--spacing--30);padding-left:var(--wp--preset--spacing--30)\"><div class=\"wp-block-group__inner-container is-layout-constrained wp-container-core-group-is-layout-785a6efd wp-block-group-is-layout-constrained\">\n<figure class=\"wp-block-image\"><a href=\"https:\/\/www.bundeswehr.de\/de\/organisation\/marine\/aktuelles\/uebung-northern-viking-p-8a-trainiert-u-boot-jagd-6147964\"><img decoding=\"async\" src=\"https:\/\/www.bundeswehr.de\/resource\/image\/6149198\/landscape_ratio16x9\/200\/113\/94829707b47b0041ef98fb9ddd0846ac\/FA9BB418912FED22935816898D5045CA\/260824-f-vy348-1911.jpg\" alt=\"Northern Viking 2026: P-8A Poseidon trainiert U-Boot-Jagd vor Island\"\/><\/a><\/figure>\n\n\n\n<p class=\"wp-block-paragraph\"><strong><a href=\"https:\/\/www.bundeswehr.de\/de\/organisation\/marine\/aktuelles\/uebung-northern-viking-p-8a-trainiert-u-boot-jagd-6147964\">Northern Viking 2026: P-8A Poseidon trainiert U-Boot-Jagd vor Island<\/a><\/strong><\/p>\n<\/div><\/div>\n\n\n\n<div class=\"wp-block-group has-border-color has-background\" style=\"border-color:#e3edeb;border-width:1px;border-radius:5px;background-color:#f1f5f4;padding-top:var(--wp--preset--spacing--30);padding-right:var(--wp--preset--spacing--30);padding-bottom:var(--wp--preset--spacing--30);padding-left:var(--wp--preset--spacing--30)\"><div class=\"wp-block-group__inner-container is-layout-constrained wp-container-core-group-is-layout-785a6efd wp-block-group-is-layout-constrained\">\n<p class=\"has-medium-font-size wp-block-paragraph\">on 4 Z\u00e1\u0159\u00ed, 2026 at 11:02 <\/p>\n<\/div><\/div>\n\n\n\n<div class=\"wp-block-group\" style=\"padding-top:var(--wp--preset--spacing--30);padding-right:var(--wp--preset--spacing--30);padding-bottom:var(--wp--preset--spacing--30);padding-left:var(--wp--preset--spacing--30)\"><div class=\"wp-block-group__inner-container is-layout-constrained wp-container-core-group-is-layout-785a6efd wp-block-group-is-layout-constrained\">\n<p class=\"has-small-font-size wp-block-paragraph\">Der deutsche Seefernaufkl\u00e4rer P-8A Poseidon unterst\u00fctzt bei der \u00dcbung Northern Viking 2026 vor Island die USA und andere NATO-Partner.<\/p>\n<\/div><\/div>\n<\/div><\/div>\n\n\n\n<div class=\"wp-block-group has-border-color\" style=\"border-color:#e3edeb;border-width:1px;border-radius:5px;margin-top:var(--wp--preset--spacing--30);margin-bottom:var(--wp--preset--spacing--30)\"><div class=\"wp-block-group__inner-container is-layout-constrained wp-block-group-is-layout-constrained\">\n<div class=\"wp-block-group\" style=\"padding-top:var(--wp--preset--spacing--30);padding-right:var(--wp--preset--spacing--30);padding-bottom:var(--wp--preset--spacing--30);padding-left:var(--wp--preset--spacing--30)\"><div class=\"wp-block-group__inner-container is-layout-constrained wp-container-core-group-is-layout-785a6efd wp-block-group-is-layout-constrained\">\n<figure class=\"wp-block-image\"><a href=\"https:\/\/www.bundeswehr.de\/de\/meldungen\/deep-precision-strike-6063114\"><img decoding=\"async\" src=\"https:\/\/www.bundeswehr.de\/resource\/image\/6063144\/landscape_ratio16x9\/200\/113\/4aabe5510462a2704eea8277f77d7315\/DB032B083A9874316FAC0DE133554BA5\/tornado-ids-marschflugkoerper.jpg\" alt=\"Deep Precision Strike: Abschreckung durch Reichweite und Pr\u00e4zision\"\/><\/a><\/figure>\n\n\n\n<p class=\"wp-block-paragraph\"><strong><a href=\"https:\/\/www.bundeswehr.de\/de\/meldungen\/deep-precision-strike-6063114\">Deep Precision Strike: Abschreckung durch Reichweite und Pr\u00e4zision<\/a><\/strong><\/p>\n<\/div><\/div>\n\n\n\n<div class=\"wp-block-group has-border-color has-background\" style=\"border-color:#e3edeb;border-width:1px;border-radius:5px;background-color:#f1f5f4;padding-top:var(--wp--preset--spacing--30);padding-right:var(--wp--preset--spacing--30);padding-bottom:var(--wp--preset--spacing--30);padding-left:var(--wp--preset--spacing--30)\"><div class=\"wp-block-group__inner-container is-layout-constrained wp-container-core-group-is-layout-785a6efd wp-block-group-is-layout-constrained\">\n<p class=\"has-medium-font-size wp-block-paragraph\">on 4 Z\u00e1\u0159\u00ed, 2026 at 10:14 <\/p>\n<\/div><\/div>\n\n\n\n<div class=\"wp-block-group\" style=\"padding-top:var(--wp--preset--spacing--30);padding-right:var(--wp--preset--spacing--30);padding-bottom:var(--wp--preset--spacing--30);padding-left:var(--wp--preset--spacing--30)\"><div class=\"wp-block-group__inner-container is-layout-constrained wp-container-core-group-is-layout-785a6efd wp-block-group-is-layout-constrained\">\n<p class=\"has-small-font-size wp-block-paragraph\">Wer Ziele tief im Hinterland des Gegners bek\u00e4mpfen kann, schreckt einen Angreifer wirksam ab. Erste Beschaffungsprojekte laufen.<\/p>\n<\/div><\/div>\n<\/div><\/div>\n\n\n\n<div class=\"wp-block-group has-border-color\" style=\"border-color:#e3edeb;border-width:1px;border-radius:5px;margin-top:var(--wp--preset--spacing--30);margin-bottom:var(--wp--preset--spacing--30)\"><div class=\"wp-block-group__inner-container is-layout-constrained wp-block-group-is-layout-constrained\">\n<div class=\"wp-block-group\" style=\"padding-top:var(--wp--preset--spacing--30);padding-right:var(--wp--preset--spacing--30);padding-bottom:var(--wp--preset--spacing--30);padding-left:var(--wp--preset--spacing--30)\"><div class=\"wp-block-group__inner-container is-layout-constrained wp-container-core-group-is-layout-785a6efd wp-block-group-is-layout-constrained\">\n<figure class=\"wp-block-image\"><a href=\"https:\/\/www.bundeswehr.de\/de\/organisation\/marine\/struktur\/einsatzausbildungszentrum-schadensabwehr\/tieftauchtopf-video-6149116\"><img decoding=\"async\" src=\"https:\/\/www.bundeswehr.de\/resource\/image\/6149184\/landscape_ratio16x9\/200\/113\/e23f1bd789afa465d6d454fd843a5aa5\/10F949B836B748FB23E876BF2EE34E36\/thumbnail-video-tieftauchturm.jpg\" alt=\"Der Tieftauchtopf der Bundeswehr\"\/><\/a><\/figure>\n\n\n\n<p class=\"wp-block-paragraph\"><strong><a href=\"https:\/\/www.bundeswehr.de\/de\/organisation\/marine\/struktur\/einsatzausbildungszentrum-schadensabwehr\/tieftauchtopf-video-6149116\">Der Tieftauchtopf der Bundeswehr<\/a><\/strong><\/p>\n<\/div><\/div>\n\n\n\n<div class=\"wp-block-group has-border-color has-background\" style=\"border-color:#e3edeb;border-width:1px;border-radius:5px;background-color:#f1f5f4;padding-top:var(--wp--preset--spacing--30);padding-right:var(--wp--preset--spacing--30);padding-bottom:var(--wp--preset--spacing--30);padding-left:var(--wp--preset--spacing--30)\"><div class=\"wp-block-group__inner-container is-layout-constrained wp-container-core-group-is-layout-785a6efd wp-block-group-is-layout-constrained\">\n<p class=\"has-medium-font-size wp-block-paragraph\">on 4 Z\u00e1\u0159\u00ed, 2026 at 08:08 <\/p>\n<\/div><\/div>\n\n\n\n<div class=\"wp-block-group\" style=\"padding-top:var(--wp--preset--spacing--30);padding-right:var(--wp--preset--spacing--30);padding-bottom:var(--wp--preset--spacing--30);padding-left:var(--wp--preset--spacing--30)\"><div class=\"wp-block-group__inner-container is-layout-constrained wp-container-core-group-is-layout-785a6efd wp-block-group-is-layout-constrained\">\n<p class=\"has-small-font-size wp-block-paragraph\">Im Tieftauchtopf der Bundeswehr lernen Marineangeh\u00f6rige, wie sie sich etwa bei einem Notausstieg aus einem U-Boot richtig verhalten.<\/p>\n<\/div><\/div>\n<\/div><\/div>\n\n\n\n<div class=\"wp-block-group has-border-color\" style=\"border-color:#e3edeb;border-width:1px;border-radius:5px;margin-top:var(--wp--preset--spacing--30);margin-bottom:var(--wp--preset--spacing--30)\"><div class=\"wp-block-group__inner-container is-layout-constrained wp-block-group-is-layout-constrained\">\n<div class=\"wp-block-group\" style=\"padding-top:var(--wp--preset--spacing--30);padding-right:var(--wp--preset--spacing--30);padding-bottom:var(--wp--preset--spacing--30);padding-left:var(--wp--preset--spacing--30)\"><div class=\"wp-block-group__inner-container is-layout-constrained wp-container-core-group-is-layout-785a6efd wp-block-group-is-layout-constrained\">\n<figure class=\"wp-block-image\"><a href=\"https:\/\/www.bundeswehr.de\/de\/meldungen\/bilder-der-woche\"><img decoding=\"async\" src=\"https:\/\/www.bundeswehr.de\/resource\/image\/6147890\/landscape_ratio16x9\/200\/113\/76498ff3bca244b65862c563a5ec2a93\/53163206A1FE4C19F1ED5C73E96020AC\/zielscheibe-gewehr-g95-klietz.jpg\" alt=\"Bilder der Woche\"\/><\/a><\/figure>\n\n\n\n<p class=\"wp-block-paragraph\"><strong><a href=\"https:\/\/www.bundeswehr.de\/de\/meldungen\/bilder-der-woche\">Bilder der Woche<\/a><\/strong><\/p>\n<\/div><\/div>\n\n\n\n<div class=\"wp-block-group has-border-color has-background\" style=\"border-color:#e3edeb;border-width:1px;border-radius:5px;background-color:#f1f5f4;padding-top:var(--wp--preset--spacing--30);padding-right:var(--wp--preset--spacing--30);padding-bottom:var(--wp--preset--spacing--30);padding-left:var(--wp--preset--spacing--30)\"><div class=\"wp-block-group__inner-container is-layout-constrained wp-container-core-group-is-layout-785a6efd wp-block-group-is-layout-constrained\">\n<p class=\"has-medium-font-size wp-block-paragraph\">on 4 Z\u00e1\u0159\u00ed, 2026 at 06:21 <\/p>\n<\/div><\/div>\n\n\n\n<div class=\"wp-block-group\" style=\"padding-top:var(--wp--preset--spacing--30);padding-right:var(--wp--preset--spacing--30);padding-bottom:var(--wp--preset--spacing--30);padding-left:var(--wp--preset--spacing--30)\"><div class=\"wp-block-group__inner-container is-layout-constrained wp-container-core-group-is-layout-785a6efd wp-block-group-is-layout-constrained\">\n<p class=\"has-small-font-size wp-block-paragraph\">Gold f\u00fcr Deutschland bei der Kanu-WM, das Gewehr G95 in Aktion und der Sea Lynx auf Abschiedstournee: die Bilder der Woche.<\/p>\n<\/div><\/div>\n<\/div><\/div>\n\n\n\n<div class=\"wp-block-group has-border-color\" style=\"border-color:#e3edeb;border-width:1px;border-radius:5px;margin-top:var(--wp--preset--spacing--30);margin-bottom:var(--wp--preset--spacing--30)\"><div class=\"wp-block-group__inner-container is-layout-constrained wp-block-group-is-layout-constrained\">\n<div class=\"wp-block-group\" style=\"padding-top:var(--wp--preset--spacing--30);padding-right:var(--wp--preset--spacing--30);padding-bottom:var(--wp--preset--spacing--30);padding-left:var(--wp--preset--spacing--30)\"><div class=\"wp-block-group__inner-container is-layout-constrained wp-container-core-group-is-layout-785a6efd wp-block-group-is-layout-constrained\">\n<figure class=\"wp-block-image\"><a href=\"https:\/\/www.bundeswehr.de\/de\/meldungen\/rauhe-sportstaatsminister-6149134\"><img decoding=\"async\" src=\"https:\/\/www.bundeswehr.de\/resource\/image\/6149140\/landscape_ratio16x9\/200\/113\/89fd2210088a4d37e6551c54bea9ba1a\/CCE17381FB27026850CFA201DC0550DD\/rauhe-merz.jpg\" alt=\"Ehemaliger Sportsoldat wird Staatsminister f\u00fcr Sport und Ehrenamt\"\/><\/a><\/figure>\n\n\n\n<p class=\"wp-block-paragraph\"><strong><a href=\"https:\/\/www.bundeswehr.de\/de\/meldungen\/rauhe-sportstaatsminister-6149134\">Ehemaliger Sportsoldat wird Staatsminister f\u00fcr Sport und Ehrenamt<\/a><\/strong><\/p>\n<\/div><\/div>\n\n\n\n<div class=\"wp-block-group has-border-color has-background\" style=\"border-color:#e3edeb;border-width:1px;border-radius:5px;background-color:#f1f5f4;padding-top:var(--wp--preset--spacing--30);padding-right:var(--wp--preset--spacing--30);padding-bottom:var(--wp--preset--spacing--30);padding-left:var(--wp--preset--spacing--30)\"><div class=\"wp-block-group__inner-container is-layout-constrained wp-container-core-group-is-layout-785a6efd wp-block-group-is-layout-constrained\">\n<p class=\"has-medium-font-size wp-block-paragraph\">on 3 Z\u00e1\u0159\u00ed, 2026 at 16:15 <\/p>\n<\/div><\/div>\n\n\n\n<div class=\"wp-block-group\" style=\"padding-top:var(--wp--preset--spacing--30);padding-right:var(--wp--preset--spacing--30);padding-bottom:var(--wp--preset--spacing--30);padding-left:var(--wp--preset--spacing--30)\"><div class=\"wp-block-group__inner-container is-layout-constrained wp-container-core-group-is-layout-785a6efd wp-block-group-is-layout-constrained\">\n<p class=\"has-small-font-size wp-block-paragraph\">Der zweifache Olympiasieger Ronald Rauhe bringt seine Erfahrung aus der Spitzensportf\u00f6rderung der Bundeswehr jetzt im Bundeskanzleramt ein.<\/p>\n<\/div><\/div>\n<\/div><\/div>\n\n\n\n<div class=\"wp-block-group has-border-color\" style=\"border-color:#e3edeb;border-width:1px;border-radius:5px;margin-top:var(--wp--preset--spacing--30);margin-bottom:var(--wp--preset--spacing--30)\"><div class=\"wp-block-group__inner-container is-layout-constrained wp-block-group-is-layout-constrained\">\n<div class=\"wp-block-group\" style=\"padding-top:var(--wp--preset--spacing--30);padding-right:var(--wp--preset--spacing--30);padding-bottom:var(--wp--preset--spacing--30);padding-left:var(--wp--preset--spacing--30)\"><div class=\"wp-block-group__inner-container is-layout-constrained wp-container-core-group-is-layout-785a6efd wp-block-group-is-layout-constrained\">\n<figure class=\"wp-block-image\"><a href=\"https:\/\/www.bundeswehr.de\/de\/mediathek\/nachgefragt-cyberabwehr-inspekteur-cir-6147728\"><img decoding=\"async\" src=\"https:\/\/www.bundeswehr.de\/resource\/image\/6148032\/landscape_ratio16x9\/200\/113\/125d89cc6bba23c3ce2eb054d325c0f6\/44C648065CFC4A829F0CF1E6202601FA\/nachgefragt-thumbnail-vizeadmiral-daum.jpg\" alt=\"\u201eNachgefragt\u201c zur Cyberabwehr\"\/><\/a><\/figure>\n\n\n\n<p class=\"wp-block-paragraph\"><strong><a href=\"https:\/\/www.bundeswehr.de\/de\/mediathek\/nachgefragt-cyberabwehr-inspekteur-cir-6147728\">\u201eNachgefragt\u201c zur Cyberabwehr<\/a><\/strong><\/p>\n<\/div><\/div>\n\n\n\n<div class=\"wp-block-group has-border-color has-background\" style=\"border-color:#e3edeb;border-width:1px;border-radius:5px;background-color:#f1f5f4;padding-top:var(--wp--preset--spacing--30);padding-right:var(--wp--preset--spacing--30);padding-bottom:var(--wp--preset--spacing--30);padding-left:var(--wp--preset--spacing--30)\"><div class=\"wp-block-group__inner-container is-layout-constrained wp-container-core-group-is-layout-785a6efd wp-block-group-is-layout-constrained\">\n<p class=\"has-medium-font-size wp-block-paragraph\">on 3 Z\u00e1\u0159\u00ed, 2026 at 14:00 <\/p>\n<\/div><\/div>\n\n\n\n<div class=\"wp-block-group\" style=\"padding-top:var(--wp--preset--spacing--30);padding-right:var(--wp--preset--spacing--30);padding-bottom:var(--wp--preset--spacing--30);padding-left:var(--wp--preset--spacing--30)\"><div class=\"wp-block-group__inner-container is-layout-constrained wp-container-core-group-is-layout-785a6efd wp-block-group-is-layout-constrained\">\n<p class=\"has-small-font-size wp-block-paragraph\">Der elektronische Kampf spielt eine immer gr\u00f6\u00dfere Rolle auf dem Gefechtsfeld. Wie k\u00f6nnen digitale Systeme effektiv gesch\u00fctzt werden?<\/p>\n<\/div><\/div>\n<\/div><\/div>\n\n\n\n<div class=\"wp-block-group has-border-color\" style=\"border-color:#e3edeb;border-width:1px;border-radius:5px;margin-top:var(--wp--preset--spacing--30);margin-bottom:var(--wp--preset--spacing--30)\"><div class=\"wp-block-group__inner-container is-layout-constrained wp-block-group-is-layout-constrained\">\n<div class=\"wp-block-group\" style=\"padding-top:var(--wp--preset--spacing--30);padding-right:var(--wp--preset--spacing--30);padding-bottom:var(--wp--preset--spacing--30);padding-left:var(--wp--preset--spacing--30)\"><div class=\"wp-block-group__inner-container is-layout-constrained wp-container-core-group-is-layout-785a6efd wp-block-group-is-layout-constrained\">\n<figure class=\"wp-block-image\"><a href=\"https:\/\/www.bundeswehr.de\/de\/meldungen\/nachgefragt-krise-krieg-konflikte\"><img decoding=\"async\" src=\"https:\/\/www.bundeswehr.de\/resource\/image\/6148018\/landscape_ratio16x9\/200\/113\/63255467f9962b2e9fdcb011698283a5\/1ECB60F7743B07EE579410232F583426\/nachgefragt-vizeadmiral-daum.jpg\" alt=\"\u201eNachgefragt\u201c\"\/><\/a><\/figure>\n\n\n\n<p class=\"wp-block-paragraph\"><strong><a href=\"https:\/\/www.bundeswehr.de\/de\/meldungen\/nachgefragt-krise-krieg-konflikte\">\u201eNachgefragt\u201c<\/a><\/strong><\/p>\n<\/div><\/div>\n\n\n\n<div class=\"wp-block-group has-border-color has-background\" style=\"border-color:#e3edeb;border-width:1px;border-radius:5px;background-color:#f1f5f4;padding-top:var(--wp--preset--spacing--30);padding-right:var(--wp--preset--spacing--30);padding-bottom:var(--wp--preset--spacing--30);padding-left:var(--wp--preset--spacing--30)\"><div class=\"wp-block-group__inner-container is-layout-constrained wp-container-core-group-is-layout-785a6efd wp-block-group-is-layout-constrained\">\n<p class=\"has-medium-font-size wp-block-paragraph\">on 3 Z\u00e1\u0159\u00ed, 2026 at 14:00 <\/p>\n<\/div><\/div>\n\n\n\n<div class=\"wp-block-group\" style=\"padding-top:var(--wp--preset--spacing--30);padding-right:var(--wp--preset--spacing--30);padding-bottom:var(--wp--preset--spacing--30);padding-left:var(--wp--preset--spacing--30)\"><div class=\"wp-block-group__inner-container is-layout-constrained wp-container-core-group-is-layout-785a6efd wp-block-group-is-layout-constrained\">\n<p class=\"has-small-font-size wp-block-paragraph\">Aufkl\u00e4ren, bewerten, angreifen: CIR-Inspekteur Vizeadmiral Dr. Thomas Daum erkl\u00e4rt Prinzipien von Cyberoperationen und elektronischem Kampf.<\/p>\n<\/div><\/div>\n<\/div><\/div>\n\n\n\n<div class=\"wp-block-group has-border-color\" style=\"border-color:#e3edeb;border-width:1px;border-radius:5px;margin-top:var(--wp--preset--spacing--30);margin-bottom:var(--wp--preset--spacing--30)\"><div class=\"wp-block-group__inner-container is-layout-constrained wp-block-group-is-layout-constrained\">\n<div class=\"wp-block-group\" style=\"padding-top:var(--wp--preset--spacing--30);padding-right:var(--wp--preset--spacing--30);padding-bottom:var(--wp--preset--spacing--30);padding-left:var(--wp--preset--spacing--30)\"><div class=\"wp-block-group__inner-container is-layout-constrained wp-container-core-group-is-layout-785a6efd wp-block-group-is-layout-constrained\">\n<figure class=\"wp-block-image\"><a href=\"https:\/\/www.bundeswehr.de\/de\/organisation\/marine\/aktuelles\/krisenfestigkeit-kameraden-helfen-kameraden-6147774\"><img decoding=\"async\" src=\"https:\/\/www.bundeswehr.de\/resource\/image\/6147778\/landscape_ratio16x9\/200\/113\/73c77287de1d68da4a23deeaf40aeef0\/D096F8BF20DC9DD4A110394722F0FE99\/211111-depression-dittrich-007.jpg\" alt=\"Gemeinsam f\u00fcr mehr Krisenfestigkeit: Kameraden helfen Kameraden\"\/><\/a><\/figure>\n\n\n\n<p class=\"wp-block-paragraph\"><strong><a href=\"https:\/\/www.bundeswehr.de\/de\/organisation\/marine\/aktuelles\/krisenfestigkeit-kameraden-helfen-kameraden-6147774\">Gemeinsam f\u00fcr mehr Krisenfestigkeit: Kameraden helfen Kameraden<\/a><\/strong><\/p>\n<\/div><\/div>\n\n\n\n<div class=\"wp-block-group has-border-color has-background\" style=\"border-color:#e3edeb;border-width:1px;border-radius:5px;background-color:#f1f5f4;padding-top:var(--wp--preset--spacing--30);padding-right:var(--wp--preset--spacing--30);padding-bottom:var(--wp--preset--spacing--30);padding-left:var(--wp--preset--spacing--30)\"><div class=\"wp-block-group__inner-container is-layout-constrained wp-container-core-group-is-layout-785a6efd wp-block-group-is-layout-constrained\">\n<p class=\"has-medium-font-size wp-block-paragraph\">on 3 Z\u00e1\u0159\u00ed, 2026 at 10:39 <\/p>\n<\/div><\/div>\n\n\n\n<div class=\"wp-block-group\" style=\"padding-top:var(--wp--preset--spacing--30);padding-right:var(--wp--preset--spacing--30);padding-bottom:var(--wp--preset--spacing--30);padding-left:var(--wp--preset--spacing--30)\"><div class=\"wp-block-group__inner-container is-layout-constrained wp-container-core-group-is-layout-785a6efd wp-block-group-is-layout-constrained\">\n<p class=\"has-small-font-size wp-block-paragraph\">Stresssituationen im Einsatz k\u00f6nnen Soldatinnen und Soldaten mental belasten. Bei geschulten Kameradinnen und Kameraden finden sie Hilfe.<\/p>\n<\/div><\/div>\n<\/div><\/div>\n\n\n\n<div class=\"wp-block-group has-border-color\" style=\"border-color:#e3edeb;border-width:1px;border-radius:5px;margin-top:var(--wp--preset--spacing--30);margin-bottom:var(--wp--preset--spacing--30)\"><div class=\"wp-block-group__inner-container is-layout-constrained wp-block-group-is-layout-constrained\">\n<div class=\"wp-block-group\" style=\"padding-top:var(--wp--preset--spacing--30);padding-right:var(--wp--preset--spacing--30);padding-bottom:var(--wp--preset--spacing--30);padding-left:var(--wp--preset--spacing--30)\"><div class=\"wp-block-group__inner-container is-layout-constrained wp-container-core-group-is-layout-785a6efd wp-block-group-is-layout-constrained\">\n<figure class=\"wp-block-image\"><a href=\"https:\/\/www.bundeswehr.de\/de\/selbstverstaendnis\/veteranen\/portraet-radiomoderation-6147758\"><img decoding=\"async\" src=\"https:\/\/www.bundeswehr.de\/resource\/image\/6147882\/landscape_ratio16x9\/200\/113\/628a8b74bab55f74aff50112cb74f650\/FA2B176557C12944721FE68469E83039\/radio-andernach-veteranin-radiomoderatorin-selina-schmitt.jpg\" alt=\"Ich bin Veteranin: Vom Einsatzradio ins zivile Radiostudio\"\/><\/a><\/figure>\n\n\n\n<p class=\"wp-block-paragraph\"><strong><a href=\"https:\/\/www.bundeswehr.de\/de\/selbstverstaendnis\/veteranen\/portraet-radiomoderation-6147758\">Ich bin Veteranin: Vom Einsatzradio ins zivile Radiostudio<\/a><\/strong><\/p>\n<\/div><\/div>\n\n\n\n<div class=\"wp-block-group has-border-color has-background\" style=\"border-color:#e3edeb;border-width:1px;border-radius:5px;background-color:#f1f5f4;padding-top:var(--wp--preset--spacing--30);padding-right:var(--wp--preset--spacing--30);padding-bottom:var(--wp--preset--spacing--30);padding-left:var(--wp--preset--spacing--30)\"><div class=\"wp-block-group__inner-container is-layout-constrained wp-container-core-group-is-layout-785a6efd wp-block-group-is-layout-constrained\">\n<p class=\"has-medium-font-size wp-block-paragraph\">on 3 Z\u00e1\u0159\u00ed, 2026 at 10:33 <\/p>\n<\/div><\/div>\n\n\n\n<div class=\"wp-block-group\" style=\"padding-top:var(--wp--preset--spacing--30);padding-right:var(--wp--preset--spacing--30);padding-bottom:var(--wp--preset--spacing--30);padding-left:var(--wp--preset--spacing--30)\"><div class=\"wp-block-group__inner-container is-layout-constrained wp-container-core-group-is-layout-785a6efd wp-block-group-is-layout-constrained\">\n<p class=\"has-small-font-size wp-block-paragraph\">Zw\u00f6lf Jahre trug sie als Radiomoderatorin die Uniform, heute moderiert sie \u201edrau\u00dfen\u201c. Selina Schmitt \u00fcber Kameradschaft, Struktur und ihren Weg.<\/p>\n<\/div><\/div>\n<\/div><\/div>\n\n\n\n<div class=\"wp-block-group has-border-color\" style=\"border-color:#e3edeb;border-width:1px;border-radius:5px;margin-top:var(--wp--preset--spacing--30);margin-bottom:var(--wp--preset--spacing--30)\"><div class=\"wp-block-group__inner-container is-layout-constrained wp-block-group-is-layout-constrained\">\n<div class=\"wp-block-group\" style=\"padding-top:var(--wp--preset--spacing--30);padding-right:var(--wp--preset--spacing--30);padding-bottom:var(--wp--preset--spacing--30);padding-left:var(--wp--preset--spacing--30)\"><div class=\"wp-block-group__inner-container is-layout-constrained wp-container-core-group-is-layout-785a6efd wp-block-group-is-layout-constrained\">\n<figure class=\"wp-block-image\"><a href=\"https:\/\/www.bundeswehr.de\/de\/organisation\/cyber-und-informationsraum\/aktuelles\/historiker-im-cir-6146878\"><img decoding=\"async\" src=\"https:\/\/www.bundeswehr.de\/resource\/image\/6147016\/landscape_ratio16x9\/200\/113\/5a98d4b05fa8a74c9f345e0c3047a711\/CCF138FD5CA9FE0ABB311FFAF1AD5351\/dsc-7801.jpg\" alt=\"Ein Historiker im Cyber- und Informationsraum\"\/><\/a><\/figure>\n\n\n\n<p class=\"wp-block-paragraph\"><strong><a href=\"https:\/\/www.bundeswehr.de\/de\/organisation\/cyber-und-informationsraum\/aktuelles\/historiker-im-cir-6146878\">Ein Historiker im Cyber- und Informationsraum<\/a><\/strong><\/p>\n<\/div><\/div>\n\n\n\n<div class=\"wp-block-group has-border-color has-background\" style=\"border-color:#e3edeb;border-width:1px;border-radius:5px;background-color:#f1f5f4;padding-top:var(--wp--preset--spacing--30);padding-right:var(--wp--preset--spacing--30);padding-bottom:var(--wp--preset--spacing--30);padding-left:var(--wp--preset--spacing--30)\"><div class=\"wp-block-group__inner-container is-layout-constrained wp-container-core-group-is-layout-785a6efd wp-block-group-is-layout-constrained\">\n<p class=\"has-medium-font-size wp-block-paragraph\">on 3 Z\u00e1\u0159\u00ed, 2026 at 08:16 <\/p>\n<\/div><\/div>\n\n\n\n<div class=\"wp-block-group\" style=\"padding-top:var(--wp--preset--spacing--30);padding-right:var(--wp--preset--spacing--30);padding-bottom:var(--wp--preset--spacing--30);padding-left:var(--wp--preset--spacing--30)\"><div class=\"wp-block-group__inner-container is-layout-constrained wp-container-core-group-is-layout-785a6efd wp-block-group-is-layout-constrained\">\n<p class=\"has-small-font-size wp-block-paragraph\">Was macht ein Historiker in der topmodernen Teilstreikraft Cyber- und Informationsraum?<\/p>\n<\/div><\/div>\n<\/div><\/div>\n\n\n\n<div class=\"wp-block-group has-border-color\" style=\"border-color:#e3edeb;border-width:1px;border-radius:5px;margin-top:var(--wp--preset--spacing--30);margin-bottom:var(--wp--preset--spacing--30)\"><div class=\"wp-block-group__inner-container is-layout-constrained wp-block-group-is-layout-constrained\">\n<div class=\"wp-block-group\" style=\"padding-top:var(--wp--preset--spacing--30);padding-right:var(--wp--preset--spacing--30);padding-bottom:var(--wp--preset--spacing--30);padding-left:var(--wp--preset--spacing--30)\"><div class=\"wp-block-group__inner-container is-layout-constrained wp-container-core-group-is-layout-785a6efd wp-block-group-is-layout-constrained\">\n<figure class=\"wp-block-image\"><a href=\"https:\/\/www.bmvg.de\/de\/aktuelles\/eu-verteidigungsminister-beraten-weltraumsicherheit-6147480\"><img decoding=\"async\" src=\"https:\/\/www.bmvg.de\/resource\/image\/6147704\/landscape_ratio16x9\/200\/113\/2b366c233ba54e16ea69000bc3868a72\/A2B94EF8F514395DCD8C3F4FC5CF9A31\/gruppenfoto-vm-treffen-irland.jpg\" alt=\"EU-Verteidigungsminister beraten Weltraumsicherheit und Ukraine-Unterst\u00fctzung\"\/><\/a><\/figure>\n\n\n\n<p class=\"wp-block-paragraph\"><strong><a href=\"https:\/\/www.bmvg.de\/de\/aktuelles\/eu-verteidigungsminister-beraten-weltraumsicherheit-6147480\">EU-Verteidigungsminister beraten Weltraumsicherheit und Ukraine-Unterst\u00fctzung<\/a><\/strong><\/p>\n<\/div><\/div>\n\n\n\n<div class=\"wp-block-group has-border-color has-background\" style=\"border-color:#e3edeb;border-width:1px;border-radius:5px;background-color:#f1f5f4;padding-top:var(--wp--preset--spacing--30);padding-right:var(--wp--preset--spacing--30);padding-bottom:var(--wp--preset--spacing--30);padding-left:var(--wp--preset--spacing--30)\"><div class=\"wp-block-group__inner-container is-layout-constrained wp-container-core-group-is-layout-785a6efd wp-block-group-is-layout-constrained\">\n<p class=\"has-medium-font-size wp-block-paragraph\">on 1 Z\u00e1\u0159\u00ed, 2026 at 16:40 <\/p>\n<\/div><\/div>\n\n\n\n<div class=\"wp-block-group\" style=\"padding-top:var(--wp--preset--spacing--30);padding-right:var(--wp--preset--spacing--30);padding-bottom:var(--wp--preset--spacing--30);padding-left:var(--wp--preset--spacing--30)\"><div class=\"wp-block-group__inner-container is-layout-constrained wp-container-core-group-is-layout-785a6efd wp-block-group-is-layout-constrained\">\n<p class=\"has-small-font-size wp-block-paragraph\">Die Verteidigungsministerinnen und -minister der EU haben in Irland die Ukraine-Hilfe und Europas Rolle in der Weltraumsicherheit beraten.<\/p>\n<\/div><\/div>\n<\/div><\/div>\n\n\n\n<div class=\"wp-block-group has-border-color\" style=\"border-color:#e3edeb;border-width:1px;border-radius:5px;margin-top:var(--wp--preset--spacing--30);margin-bottom:var(--wp--preset--spacing--30)\"><div class=\"wp-block-group__inner-container is-layout-constrained wp-block-group-is-layout-constrained\">\n<div class=\"wp-block-group\" style=\"padding-top:var(--wp--preset--spacing--30);padding-right:var(--wp--preset--spacing--30);padding-bottom:var(--wp--preset--spacing--30);padding-left:var(--wp--preset--spacing--30)\"><div class=\"wp-block-group__inner-container is-layout-constrained wp-container-core-group-is-layout-785a6efd wp-block-group-is-layout-constrained\">\n<figure class=\"wp-block-image\"><a href=\"https:\/\/www.bmvg.de\/de\/presse\/doorstep-hartmann-wicklow-irland-6147558\"><img decoding=\"async\" src=\"https:\/\/www.bmvg.de\/resource\/image\/146926\/landscape_ratio16x9\/200\/113\/6173c7e0d6d87b2eb59a5d583356b092\/6E10B4FC4BD8FBD13990904CAF2A8407\/mehrere-zeitungen.jpg\" alt=\"Doorstep: Parlamentarischer Staatssekret\u00e4r Sebastian Hartmann in Wicklow, Irland\"\/><\/a><\/figure>\n\n\n\n<p class=\"wp-block-paragraph\"><strong><a href=\"https:\/\/www.bmvg.de\/de\/presse\/doorstep-hartmann-wicklow-irland-6147558\">Doorstep: Parlamentarischer Staatssekret\u00e4r Sebastian Hartmann in Wicklow, Irland<\/a><\/strong><\/p>\n<\/div><\/div>\n\n\n\n<div class=\"wp-block-group has-border-color has-background\" style=\"border-color:#e3edeb;border-width:1px;border-radius:5px;background-color:#f1f5f4;padding-top:var(--wp--preset--spacing--30);padding-right:var(--wp--preset--spacing--30);padding-bottom:var(--wp--preset--spacing--30);padding-left:var(--wp--preset--spacing--30)\"><div class=\"wp-block-group__inner-container is-layout-constrained wp-container-core-group-is-layout-785a6efd wp-block-group-is-layout-constrained\">\n<p class=\"has-medium-font-size wp-block-paragraph\">on 1 Z\u00e1\u0159\u00ed, 2026 at 08:20 <\/p>\n<\/div><\/div>\n\n\n\n<div class=\"wp-block-group\" style=\"padding-top:var(--wp--preset--spacing--30);padding-right:var(--wp--preset--spacing--30);padding-bottom:var(--wp--preset--spacing--30);padding-left:var(--wp--preset--spacing--30)\"><div class=\"wp-block-group__inner-container is-layout-constrained wp-container-core-group-is-layout-785a6efd wp-block-group-is-layout-constrained\">\n<p class=\"has-small-font-size wp-block-paragraph\">Doorstep des Parlamentarischen Staatssekret\u00e4rs Sebastian Hartmann, beim informellen Treffen der EU-Verteidigungsministerinnen und -minister<\/p>\n<\/div><\/div>\n<\/div><\/div>\n\n\n\n<div class=\"wp-block-group has-border-color\" style=\"border-color:#e3edeb;border-width:1px;border-radius:5px;margin-top:var(--wp--preset--spacing--30);margin-bottom:var(--wp--preset--spacing--30)\"><div class=\"wp-block-group__inner-container is-layout-constrained wp-block-group-is-layout-constrained\">\n<div class=\"wp-block-group\" style=\"padding-top:var(--wp--preset--spacing--30);padding-right:var(--wp--preset--spacing--30);padding-bottom:var(--wp--preset--spacing--30);padding-left:var(--wp--preset--spacing--30)\"><div class=\"wp-block-group__inner-container is-layout-constrained wp-container-core-group-is-layout-785a6efd wp-block-group-is-layout-constrained\">\n<figure class=\"wp-block-image\"><a href=\"https:\/\/www.bmvg.de\/de\/themen\/dossiers\/engagement-in-afrika\"><img decoding=\"async\" src=\"https:\/\/www.bmvg.de\/resource\/image\/20596\/landscape_ratio16x9\/200\/113\/a4bd9e7b9678b4be5dd0499f9a5d4077\/DBAE248C6DB138DF5E1D973BBD01E33D\/objektschutzkraefte-in-mali.jpg\" alt=\"Engagement in Afrika\"\/><\/a><\/figure>\n\n\n\n<p class=\"wp-block-paragraph\"><strong><a href=\"https:\/\/www.bmvg.de\/de\/themen\/dossiers\/engagement-in-afrika\">Engagement in Afrika<\/a><\/strong><\/p>\n<\/div><\/div>\n\n\n\n<div class=\"wp-block-group has-border-color has-background\" style=\"border-color:#e3edeb;border-width:1px;border-radius:5px;background-color:#f1f5f4;padding-top:var(--wp--preset--spacing--30);padding-right:var(--wp--preset--spacing--30);padding-bottom:var(--wp--preset--spacing--30);padding-left:var(--wp--preset--spacing--30)\"><div class=\"wp-block-group__inner-container is-layout-constrained wp-container-core-group-is-layout-785a6efd wp-block-group-is-layout-constrained\">\n<p class=\"has-medium-font-size wp-block-paragraph\">on 31 Srpen, 2026 at 09:07 <\/p>\n<\/div><\/div>\n\n\n\n<div class=\"wp-block-group\" style=\"padding-top:var(--wp--preset--spacing--30);padding-right:var(--wp--preset--spacing--30);padding-bottom:var(--wp--preset--spacing--30);padding-left:var(--wp--preset--spacing--30)\"><div class=\"wp-block-group__inner-container is-layout-constrained wp-container-core-group-is-layout-785a6efd wp-block-group-is-layout-constrained\">\n<p class=\"has-small-font-size wp-block-paragraph\">Die Bundesregierung und die Bundeswehr f\u00f6rdern aktiv die afrikanische Eigenverantwortung beim Konfliktmanagement und tragen mit Eins\u00e4tzen zu mehr Stabilit\u00e4t in dieser Region bei.<\/p>\n<\/div><\/div>\n<\/div><\/div>\n\n\n\n<div class=\"wp-block-group has-border-color\" style=\"border-color:#e3edeb;border-width:1px;border-radius:5px;margin-top:var(--wp--preset--spacing--30);margin-bottom:var(--wp--preset--spacing--30)\"><div class=\"wp-block-group__inner-container is-layout-constrained wp-block-group-is-layout-constrained\">\n<div class=\"wp-block-group\" style=\"padding-top:var(--wp--preset--spacing--30);padding-right:var(--wp--preset--spacing--30);padding-bottom:var(--wp--preset--spacing--30);padding-left:var(--wp--preset--spacing--30)\"><div class=\"wp-block-group__inner-container is-layout-constrained wp-container-core-group-is-layout-785a6efd wp-block-group-is-layout-constrained\">\n<figure class=\"wp-block-image\"><a href=\"https:\/\/www.bmvg.de\/de\/presse\/meilenstein-aufwuchs-bundeswehr-neue-unterbringsplaetze-6146678\"><img decoding=\"async\" src=\"https:\/\/www.bmvg.de\/resource\/image\/262646\/landscape_ratio16x9\/200\/113\/199d971d57a2c8ce1f43c07ed5220e13\/C622D3087DE4662FB9988DC822585D03\/pressemitteilung-presseinformation.jpg\" alt=\"Meilenstein f\u00fcr den Aufwuchs \u2013 Neue Unterbringungspl\u00e4tze in Rekordzeit\"\/><\/a><\/figure>\n\n\n\n<p class=\"wp-block-paragraph\"><strong><a href=\"https:\/\/www.bmvg.de\/de\/presse\/meilenstein-aufwuchs-bundeswehr-neue-unterbringsplaetze-6146678\">Meilenstein f\u00fcr den Aufwuchs \u2013 Neue Unterbringungspl\u00e4tze in Rekordzeit<\/a><\/strong><\/p>\n<\/div><\/div>\n\n\n\n<div class=\"wp-block-group has-border-color has-background\" style=\"border-color:#e3edeb;border-width:1px;border-radius:5px;background-color:#f1f5f4;padding-top:var(--wp--preset--spacing--30);padding-right:var(--wp--preset--spacing--30);padding-bottom:var(--wp--preset--spacing--30);padding-left:var(--wp--preset--spacing--30)\"><div class=\"wp-block-group__inner-container is-layout-constrained wp-container-core-group-is-layout-785a6efd wp-block-group-is-layout-constrained\">\n<p class=\"has-medium-font-size wp-block-paragraph\">on 27 Srpen, 2026 at 10:20 <\/p>\n<\/div><\/div>\n\n\n\n<div class=\"wp-block-group\" style=\"padding-top:var(--wp--preset--spacing--30);padding-right:var(--wp--preset--spacing--30);padding-bottom:var(--wp--preset--spacing--30);padding-left:var(--wp--preset--spacing--30)\"><div class=\"wp-block-group__inner-container is-layout-constrained wp-container-core-group-is-layout-785a6efd wp-block-group-is-layout-constrained\">\n<p class=\"has-small-font-size wp-block-paragraph\">Heute wurden die Rahmenvertr\u00e4ge f\u00fcr das sog. \u201eProjekt German Armed Forces \u2013 Contractor Augmentation Program Inland \u2013 Stufe 1\u201c unterzeichnet.<\/p>\n<\/div><\/div>\n<\/div><\/div>\n\n\n\n<div class=\"wp-block-group has-border-color\" style=\"border-color:#e3edeb;border-width:1px;border-radius:5px;margin-top:var(--wp--preset--spacing--30);margin-bottom:var(--wp--preset--spacing--30)\"><div class=\"wp-block-group__inner-container is-layout-constrained wp-block-group-is-layout-constrained\">\n<div class=\"wp-block-group\" style=\"padding-top:var(--wp--preset--spacing--30);padding-right:var(--wp--preset--spacing--30);padding-bottom:var(--wp--preset--spacing--30);padding-left:var(--wp--preset--spacing--30)\"><div class=\"wp-block-group__inner-container is-layout-constrained wp-container-core-group-is-layout-785a6efd wp-block-group-is-layout-constrained\">\n<figure class=\"wp-block-image\"><a href=\"https:\/\/www.bmvg.de\/de\/aktuelles\/der-nationale-sicherheitsrat-gebuendelte-expertise-6141158\"><img decoding=\"async\" src=\"https:\/\/www.bmvg.de\/resource\/image\/6146406\/landscape_ratio16x9\/200\/113\/c8499f348c32f8d937be5aaa00cd1ea2\/2BAE5DAC184D70422E043C0AE94B1F73\/rednerpult-mit-bundesadler.jpg\" alt=\"Der Nationale Sicherheitsrat \u2013 ein Gremium zur strategischen Koordination\"\/><\/a><\/figure>\n\n\n\n<p class=\"wp-block-paragraph\"><strong><a href=\"https:\/\/www.bmvg.de\/de\/aktuelles\/der-nationale-sicherheitsrat-gebuendelte-expertise-6141158\">Der Nationale Sicherheitsrat \u2013 ein Gremium zur strategischen Koordination<\/a><\/strong><\/p>\n<\/div><\/div>\n\n\n\n<div class=\"wp-block-group has-border-color has-background\" style=\"border-color:#e3edeb;border-width:1px;border-radius:5px;background-color:#f1f5f4;padding-top:var(--wp--preset--spacing--30);padding-right:var(--wp--preset--spacing--30);padding-bottom:var(--wp--preset--spacing--30);padding-left:var(--wp--preset--spacing--30)\"><div class=\"wp-block-group__inner-container is-layout-constrained wp-container-core-group-is-layout-785a6efd wp-block-group-is-layout-constrained\">\n<p class=\"has-medium-font-size wp-block-paragraph\">on 27 Srpen, 2026 at 07:00 <\/p>\n<\/div><\/div>\n\n\n\n<div class=\"wp-block-group\" style=\"padding-top:var(--wp--preset--spacing--30);padding-right:var(--wp--preset--spacing--30);padding-bottom:var(--wp--preset--spacing--30);padding-left:var(--wp--preset--spacing--30)\"><div class=\"wp-block-group__inner-container is-layout-constrained wp-container-core-group-is-layout-785a6efd wp-block-group-is-layout-constrained\">\n<p class=\"has-small-font-size wp-block-paragraph\">Der Nationale Sicherheitsrat st\u00e4rkt die strategische Koordination, f\u00f6rdert die Zusammenarbeit der Ressorts und bindet weitere Akteure ein.<\/p>\n<\/div><\/div>\n<\/div><\/div>\n\n<\/div><\/div>\n\n\n\n<p class=\"has-custom-css wp-custom-css-2e78eae4 wp-block-paragraph\"><\/p>\n\n\n\n<p class=\"wp-block-paragraph\"><\/p>","protected":false},"excerpt":{"rendered":"","protected":false},"author":1,"featured_media":0,"parent":0,"menu_order":0,"comment_status":"closed","ping_status":"closed","template":"page-template\/page-with-right-sidebar.php","meta":{"_acf_changed":false,"_regular_price":[],"currency_symbol":[],"wprm-recipe-roundup-name":"","wprm-recipe-roundup-description":"","ngg_post_thumbnail":0,"_EventAllDay":false,"_EventTimezone":"","_EventStartDate":"","_EventEndDate":"","_EventStartDateUTC":"","_EventEndDateUTC":"","_EventShowMap":false,"_EventShowMapLink":false,"_EventURL":"","_EventCost":"","_EventCostDescription":"","_EventCurrencySymbol":"","_EventCurrencyCode":"","_EventCurrencyPosition":"","_EventDateTimeSeparator":"","_EventTimeRangeSeparator":"","_EventOrganizerID":[],"_EventVenueID":[],"_OrganizerEmail":"","_OrganizerPhone":"","_OrganizerWebsite":"","_VenueAddress":"","_VenueCity":"","_VenueCountry":"","_VenueProvince":"","_VenueState":"","_VenueZip":"","_VenuePhone":"","_VenueURL":"","_VenueStateProvince":"","_VenueLat":"","_VenueLng":"","_VenueShowMap":false,"_VenueShowMapLink":false,"footnotes":""},"class_list":["post-1017","page","type-page","status-publish","hentry"],"acf":[],"aioseo_notices":[],"aioseo_head":"\n\t\t<!-- All in One SEO 5.0.0.1 - aioseo.com -->\n\t<meta name=\"description\" content=\"{{feedzy_title}} {{feedzy_meta}} {{feedzy_description}}\" \/>\n\t<meta name=\"robots\" content=\"max-image-preview:large\" \/>\n\t<meta name=\"google-site-verification\" content=\"RmUf0LORsRSU1Oth29H-JOrHzjMDzJZD3n3kkNYeYGw\" \/>\n\t<link rel=\"canonical\" href=\"https:\/\/wichtelabenteuer.de\/cs\/nachrichten-bundeswehr\/\" \/>\n\t<meta name=\"generator\" content=\"All in One SEO (AIOSEO) 5.0.0.1\" \/>\n\t\t<meta property=\"og:locale\" content=\"cs_CZ\" \/>\n\t\t<meta property=\"og:site_name\" content=\"Wichtelabenteuer - Abenteur erleben im Fichtelgebirge\" \/>\n\t\t<meta property=\"og:type\" content=\"article\" \/>\n\t\t<meta property=\"og:title\" content=\"Nachrichten der Bundeswehr - 5 Z\u00e1\u0159\u00ed, 2026\" \/>\n\t\t<meta property=\"og:description\" content=\"{{feedzy_title}} {{feedzy_meta}} {{feedzy_description}}\" \/>\n\t\t<meta property=\"og:url\" content=\"https:\/\/wichtelabenteuer.de\/cs\/nachrichten-bundeswehr\/\" \/>\n\t\t<meta property=\"article:published_time\" content=\"2026-06-20T11:22:44+00:00\" \/>\n\t\t<meta property=\"article:modified_time\" content=\"2026-06-20T15:40:16+00:00\" \/>\n\t\t<meta name=\"twitter:card\" content=\"summary_large_image\" \/>\n\t\t<meta name=\"twitter:title\" content=\"Nachrichten der Bundeswehr - 5 Z\u00e1\u0159\u00ed, 2026\" \/>\n\t\t<meta name=\"twitter:description\" content=\"{{feedzy_title}} {{feedzy_meta}} {{feedzy_description}}\" \/>\n\t\t<script type=\"application\/ld+json\" class=\"aioseo-schema\">\n\t\t\t{\"@context\":\"https:\\\/\\\/schema.org\",\"@graph\":[{\"@type\":\"BreadcrumbList\",\"@id\":\"https:\\\/\\\/wichtelabenteuer.de\\\/cs\\\/nachrichten-bundeswehr\\\/#breadcrumblist\",\"itemListElement\":[{\"@type\":\"ListItem\",\"@id\":\"https:\\\/\\\/wichtelabenteuer.de\\\/cs#listItem\",\"position\":1,\"name\":\"Home\",\"item\":\"https:\\\/\\\/wichtelabenteuer.de\\\/cs\",\"nextItem\":{\"@type\":\"ListItem\",\"@id\":\"https:\\\/\\\/wichtelabenteuer.de\\\/cs\\\/nachrichten-bundeswehr\\\/#listItem\",\"name\":\"Nachrichten der Bundeswehr\"}},{\"@type\":\"ListItem\",\"@id\":\"https:\\\/\\\/wichtelabenteuer.de\\\/cs\\\/nachrichten-bundeswehr\\\/#listItem\",\"position\":2,\"name\":\"Nachrichten der Bundeswehr\",\"previousItem\":{\"@type\":\"ListItem\",\"@id\":\"https:\\\/\\\/wichtelabenteuer.de\\\/cs#listItem\",\"name\":\"Home\"}}]},{\"@type\":\"Person\",\"@id\":\"https:\\\/\\\/wichtelabenteuer.de\\\/cs\\\/#person\",\"name\":\"admin\",\"image\":{\"@type\":\"ImageObject\",\"@id\":\"https:\\\/\\\/wichtelabenteuer.de\\\/cs\\\/nachrichten-bundeswehr\\\/#personImage\",\"url\":\"https:\\\/\\\/secure.gravatar.com\\\/avatar\\\/618065d58f7d08ca4d4ad48ea44b3f9fbd4f26d8575843effd391622ac82c3a4?s=96&d=mm&r=r\",\"width\":96,\"height\":96,\"caption\":\"admin\"}},{\"@type\":\"WebPage\",\"@id\":\"https:\\\/\\\/wichtelabenteuer.de\\\/cs\\\/nachrichten-bundeswehr\\\/#webpage\",\"url\":\"https:\\\/\\\/wichtelabenteuer.de\\\/cs\\\/nachrichten-bundeswehr\\\/\",\"name\":\"Nachrichten der Bundeswehr - 5 Z\\u00e1\\u0159\\u00ed, 2026\",\"description\":\"{{feedzy_title}} {{feedzy_meta}} {{feedzy_description}}\",\"inLanguage\":\"cs-CZ\",\"isPartOf\":{\"@id\":\"https:\\\/\\\/wichtelabenteuer.de\\\/cs\\\/#website\"},\"breadcrumb\":{\"@id\":\"https:\\\/\\\/wichtelabenteuer.de\\\/cs\\\/nachrichten-bundeswehr\\\/#breadcrumblist\"},\"datePublished\":\"2026-06-20T13:22:44+02:00\",\"dateModified\":\"2026-06-20T17:40:16+02:00\"},{\"@type\":\"WebSite\",\"@id\":\"https:\\\/\\\/wichtelabenteuer.de\\\/cs\\\/#website\",\"url\":\"https:\\\/\\\/wichtelabenteuer.de\\\/cs\\\/\",\"name\":\"Wichtelabenteuer\",\"description\":\"Abenteur erleben im Fichtelgebirge\",\"inLanguage\":\"cs-CZ\",\"publisher\":{\"@id\":\"https:\\\/\\\/wichtelabenteuer.de\\\/cs\\\/#person\"}}]}\n\t\t<\/script>\n\t\t<!-- All in One SEO -->\n\n","aioseo_head_json":{"title":"Nachrichten der Bundeswehr - 5 Z\u00e1\u0159\u00ed, 2026","description":"{{feedzy_title}} {{feedzy_meta}} {{feedzy_description}}","canonical_url":"https:\/\/wichtelabenteuer.de\/cs\/nachrichten-bundeswehr\/","robots":"max-image-preview:large","keywords":"","webmasterTools":{"google-site-verification":"RmUf0LORsRSU1Oth29H-JOrHzjMDzJZD3n3kkNYeYGw","miscellaneous":""},"schema":{"@context":"https:\/\/schema.org","@graph":[{"@type":"BreadcrumbList","@id":"https:\/\/wichtelabenteuer.de\/cs\/nachrichten-bundeswehr\/#breadcrumblist","itemListElement":[{"@type":"ListItem","@id":"https:\/\/wichtelabenteuer.de\/cs#listItem","position":1,"name":"Home","item":"https:\/\/wichtelabenteuer.de\/cs","nextItem":{"@type":"ListItem","@id":"https:\/\/wichtelabenteuer.de\/cs\/nachrichten-bundeswehr\/#listItem","name":"Nachrichten der Bundeswehr"}},{"@type":"ListItem","@id":"https:\/\/wichtelabenteuer.de\/cs\/nachrichten-bundeswehr\/#listItem","position":2,"name":"Nachrichten der Bundeswehr","previousItem":{"@type":"ListItem","@id":"https:\/\/wichtelabenteuer.de\/cs#listItem","name":"Home"}}]},{"@type":"Person","@id":"https:\/\/wichtelabenteuer.de\/cs\/#person","name":"admin","image":{"@type":"ImageObject","@id":"https:\/\/wichtelabenteuer.de\/cs\/nachrichten-bundeswehr\/#personImage","url":"https:\/\/secure.gravatar.com\/avatar\/618065d58f7d08ca4d4ad48ea44b3f9fbd4f26d8575843effd391622ac82c3a4?s=96&d=mm&r=r","width":96,"height":96,"caption":"admin"}},{"@type":"WebPage","@id":"https:\/\/wichtelabenteuer.de\/cs\/nachrichten-bundeswehr\/#webpage","url":"https:\/\/wichtelabenteuer.de\/cs\/nachrichten-bundeswehr\/","name":"Nachrichten der Bundeswehr - 5 Z\u00e1\u0159\u00ed, 2026","description":"{{feedzy_title}} {{feedzy_meta}} {{feedzy_description}}","inLanguage":"cs-CZ","isPartOf":{"@id":"https:\/\/wichtelabenteuer.de\/cs\/#website"},"breadcrumb":{"@id":"https:\/\/wichtelabenteuer.de\/cs\/nachrichten-bundeswehr\/#breadcrumblist"},"datePublished":"2026-06-20T13:22:44+02:00","dateModified":"2026-06-20T17:40:16+02:00"},{"@type":"WebSite","@id":"https:\/\/wichtelabenteuer.de\/cs\/#website","url":"https:\/\/wichtelabenteuer.de\/cs\/","name":"Wichtelabenteuer","description":"Abenteur erleben im Fichtelgebirge","inLanguage":"cs-CZ","publisher":{"@id":"https:\/\/wichtelabenteuer.de\/cs\/#person"}}]},"og:locale":"cs_CZ","og:site_name":"Wichtelabenteuer - Abenteur erleben im Fichtelgebirge","og:type":"article","og:title":"Nachrichten der Bundeswehr - 5 Z\u00e1\u0159\u00ed, 2026","og:description":"{{feedzy_title}} {{feedzy_meta}} {{feedzy_description}}","og:url":"https:\/\/wichtelabenteuer.de\/cs\/nachrichten-bundeswehr\/","article:published_time":"2026-06-20T11:22:44+00:00","article:modified_time":"2026-06-20T15:40:16+00:00","twitter:card":"summary_large_image","twitter:title":"Nachrichten der Bundeswehr - 5 Z\u00e1\u0159\u00ed, 2026","twitter:description":"{{feedzy_title}} {{feedzy_meta}} {{feedzy_description}}"},"aioseo_meta_data":{"post_id":"1017","title":"#post_title #separator_sa #current_date","description":null,"keywords":null,"keyphrases":{"focus":{"keyphrase":"Aktuell, Bundeswehr, Nachrichten","score":37,"analysis":{"keyphraseInTitle":{"score":3,"maxScore":9,"error":1},"keyphraseInDescription":{"score":3,"maxScore":9,"error":1},"keyphraseLength":{"score":9,"maxScore":9,"error":0,"length":3},"keyphraseInURL":{"score":1,"maxScore":5,"error":1},"keyphraseInIntroduction":{"score":3,"maxScore":9,"error":1},"keyphraseInSubHeadings":[],"keyphraseInImageAlt":{"score":3,"maxScore":9,"error":1},"keywordDensity":{"score":0,"type":"low","maxScore":9,"error":1}}},"additional":[]},"primary_term":null,"canonical_url":null,"og_title":null,"og_description":null,"og_object_type":"default","og_image_type":"default","og_image_custom_url":null,"og_image_custom_fields":null,"og_image_url":null,"og_image_width":null,"og_image_height":null,"og_video":"","og_custom_url":null,"og_article_section":null,"og_article_tags":null,"twitter_use_og":false,"twitter_card":"default","twitter_image_type":"default","twitter_image_custom_url":null,"twitter_image_custom_fields":null,"twitter_image_url":null,"twitter_title":null,"twitter_description":null,"schema_type":"default","schema_type_options":null,"schema":{"blockGraphs":[],"customGraphs":[],"default":{"data":{"Article":[],"Course":[],"Dataset":[],"FAQPage":[],"Movie":[],"Person":[],"Product":[],"ProductReview":[],"Car":[],"Recipe":[],"Service":[],"SoftwareApplication":[],"WebPage":[]},"graphName":"WebPage","isEnabled":true},"graphs":[]},"pillar_content":false,"robots_default":true,"robots_noindex":false,"robots_noarchive":false,"robots_nosnippet":false,"robots_nofollow":false,"robots_noimageindex":false,"robots_noodp":false,"robots_notranslate":false,"robots_max_snippet":"-1","robots_max_videopreview":"-1","robots_max_imagepreview":"large","priority":null,"frequency":"default","local_seo":null,"limit_modified_date":false,"ai":{"faqs":[],"keyPoints":[],"schemas":[],"titles":[],"descriptions":[],"socialPosts":{"email":[],"linkedin":[],"twitter":[],"facebook":[],"instagram":[]}},"breadcrumb_settings":null,"seo_analyzer_scan_date":null,"created":"2026-06-20 11:22:46","updated":"2026-06-20 16:12:32","focus_keyword":"Aktuell, Bundeswehr, Nachrichten","additional_keywords":null,"truseo_locale":null},"aioseo_breadcrumb":"<div class=\"aioseo-breadcrumbs\"><span class=\"aioseo-breadcrumb\">\n\t\t\t<a href=\"https:\/\/wichtelabenteuer.de\/cs\" title=\"Home\">Home<\/a>\n\t\t<\/span><span class=\"aioseo-breadcrumb-separator\">&raquo;<\/span><span class=\"aioseo-breadcrumb\">\n\t\t\tNachrichten der Bundeswehr\n\t\t<\/span><\/div>","aioseo_breadcrumb_json":[{"label":"Home","link":"https:\/\/wichtelabenteuer.de\/cs"},{"label":"Nachrichten der Bundeswehr","link":"https:\/\/wichtelabenteuer.de\/cs\/nachrichten-bundeswehr\/"}],"post_slider_layout_featured_media_urls":{"thumbnail":"","post_slider_layout_landscape_large":"","post_slider_layout_portrait_large":"","post_slider_layout_square_large":"","post_slider_layout_landscape":"","post_slider_layout_portrait":"","post_slider_layout_square":"","full":""},"_links":{"self":[{"href":"https:\/\/wichtelabenteuer.de\/cs\/wp-json\/wp\/v2\/pages\/1017","targetHints":{"allow":["GET"]}}],"collection":[{"href":"https:\/\/wichtelabenteuer.de\/cs\/wp-json\/wp\/v2\/pages"}],"about":[{"href":"https:\/\/wichtelabenteuer.de\/cs\/wp-json\/wp\/v2\/types\/page"}],"author":[{"embeddable":true,"href":"https:\/\/wichtelabenteuer.de\/cs\/wp-json\/wp\/v2\/users\/1"}],"replies":[{"embeddable":true,"href":"https:\/\/wichtelabenteuer.de\/cs\/wp-json\/wp\/v2\/comments?post=1017"}],"version-history":[{"count":0,"href":"https:\/\/wichtelabenteuer.de\/cs\/wp-json\/wp\/v2\/pages\/1017\/revisions"}],"wp:attachment":[{"href":"https:\/\/wichtelabenteuer.de\/cs\/wp-json\/wp\/v2\/media?parent=1017"}],"curies":[{"name":"wp","href":"https:\/\/api.w.org\/{rel}","templated":true}]}}